{"id":3721,"date":"2024-09-26T11:18:10","date_gmt":"2024-09-26T09:18:10","guid":{"rendered":"https:\/\/www.koenig-sylt.de\/urlaub\/?page_id=3721"},"modified":"2025-07-01T15:48:19","modified_gmt":"2025-07-01T13:48:19","slug":"agb","status":"publish","type":"page","link":"https:\/\/www.koenig-sylt.de\/urlaub\/agb\/","title":{"rendered":"AGB"},"content":{"rendered":"\t\t<div data-elementor-type=\"wp-page\" data-elementor-id=\"3721\" class=\"elementor elementor-3721\" data-elementor-post-type=\"page\">\n\t\t\t\t<div class=\"elementor-element elementor-element-2eb8be2 e-flex e-con-boxed e-con e-parent\" data-id=\"2eb8be2\" data-element_type=\"container\" data-e-type=\"container\">\n\t\t\t\t\t<div class=\"e-con-inner\">\n\t\t\t\t<div class=\"elementor-element elementor-element-a89dfce beon-breadcrumps elementor-widget elementor-widget-breadcrumbs\" data-id=\"a89dfce\" data-element_type=\"widget\" data-e-type=\"widget\" data-widget_type=\"breadcrumbs.default\">\n\t\t\t\t<div class=\"elementor-widget-container\">\n\t\t\t\t\t<p id=\"breadcrumbs\"><span><span><a href=\"https:\/\/www.koenig-sylt.de\/urlaub\/\">Startseite<\/a><\/span><\/span><\/p>\t\t\t\t<\/div>\n\t\t\t\t<\/div>\n\t\t\t\t<div class=\"elementor-element elementor-element-53fbc3a elementor-widget__width-inherit elementor-widget elementor-widget-heading\" data-id=\"53fbc3a\" data-element_type=\"widget\" data-e-type=\"widget\" data-widget_type=\"heading.default\">\n\t\t\t\t<div class=\"elementor-widget-container\">\n\t\t\t\t\t<h1 class=\"elementor-heading-title elementor-size-default\">AGB<\/h1>\t\t\t\t<\/div>\n\t\t\t\t<\/div>\n\t\t\t\t<div class=\"elementor-element elementor-element-3cfbbf6 elementor-widget__width-inherit elementor-widget elementor-widget-heading\" data-id=\"3cfbbf6\" data-element_type=\"widget\" data-e-type=\"widget\" data-widget_type=\"heading.default\">\n\t\t\t\t<div class=\"elementor-widget-container\">\n\t\t\t\t\t<h5 class=\"elementor-heading-title elementor-size-default\">Allgemeine Gesch\u00e4ftsbedingungen (AGB)\nf\u00fcr die Anmietung von Feriendomizilen<\/h5>\t\t\t\t<\/div>\n\t\t\t\t<\/div>\n\t\t\t\t<div class=\"elementor-element elementor-element-3beb098 elementor-widget elementor-widget-text-editor\" data-id=\"3beb098\" data-element_type=\"widget\" data-e-type=\"widget\" data-widget_type=\"text-editor.default\">\n\t\t\t\t<div class=\"elementor-widget-container\">\n\t\t\t\t\t\t\t\t\t<p><strong>1. Vertragsparteien\u00a0<\/strong>&#8211; K\u00f6nig Appartement Sylt &#8211; nachfolgend &#8222;KAS&#8220; genannt &#8211; tritt als Vermittler zwischen den jeweiligen Eigent\u00fcmer der Feriendomizile |\u00a0Mietobjekte &#8211; nachfolgend einheitlich &#8222;Feriendomizil&#8220; genannt &#8211; und dem Mieter auf und schlie\u00dft den Mietvertrag im Namen und f\u00fcr Rechnung des jeweiligen Eigent\u00fcmers ab. KAS ist bevollm\u00e4chtigt alle im Zusammenhang mit dem in Abschluss und der Abwicklung des Mietvertrages stehenden Erkl\u00e4rungen abzugeben und zu empfangen sowie Anspr\u00fcche aus dem Mietvertrag geltend zu machen.<\/p><p><strong>2. Vertragsschluss, Anzahlung und R\u00fccktrittsrecht<\/strong><\/p><p>a) Der Mietvertrag \u00fcber ein Ferienobjekt kommt durch die Buchung (Angebot) des Mieters &#8211;<br \/>gleich ob diese pers\u00f6nlich, telefonisch, per Fax, per E-Mail oder \u00fcber unsere Website, usw.<br \/>erfolgt &#8211; und die \u00dcbersendung der Buchungsbest\u00e4tigung (Annahme) der KAS zustande.<\/p><p>b) Mit der Buchungsbest\u00e4tigung wird die F\u00e4lligkeit der Anzahlung sowie der Restzahlung auf die vereinbarte Miete bestimmt. Die Anzahlung ist regelm\u00e4\u00dfig zwei Wochen nach Vertragsschluss f\u00e4llig. Im Fall der\u00a0nicht fristgerechten Zahlung steht dem Vermieter das Recht zu,\u00a0den R\u00fccktritt vom Mietvertrag zu erkl\u00e4ren.<\/p><p><strong>3. Mindestmietdauer<\/strong>\u00a0&#8211;\u00a0Die Mindestaufenthaltsdauer betr\u00e4gt drei, in der Hauptsaison und zu Feiertagen sieben \u00dcbernachtungen. Hiervon abweichende Anfragen sind technisch m\u00f6glich, es steht dem Vermieter jedoch frei diese abzulehnen.<\/p><p><strong>4. Haftung Mieter<\/strong>\u00a0\u2013 dem Mieter wird ein gereinigtes Feriendomizil in ordnungsgem\u00e4\u00dfem Zustand und mit vollst\u00e4ndiger Ausstattung zur Verf\u00fcgung gestellt. Etwaige Sch\u00e4den, Unreinlichkeiten oder fehlendes Inventar sind <strong>unverz\u00fcglich<\/strong> nach Einzug an KAS zu melden. \u00dcbliche Reparaturzeit sind zu akzeptieren. Der Mieter hat das Feriendomizil einschlie\u00dflich des darin befindlichen Inventars pfleglich zu behandeln und vor Sch\u00e4den zu sch\u00fctzen. W\u00e4hrend der Mietzeit eintretende Sch\u00e4den sind vom Mieter zu verantworten und unverz\u00fcglich an KAS zu melden.<\/p><p><strong>5. Haftung Eigent\u00fcmer und KAS<\/strong>\u00a0&#8211; KAS und der Vermieter haften f\u00fcr Sch\u00e4den lediglich, soweit diese auf einer Verletzung einer wesentlichen Vertragspflicht oder auf einem eigenen vors\u00e4tzlichen oder grob fahrl\u00e4ssigen Verhalten oder von gesetzlichen Vertretern oder Erf\u00fcllungsgehilfen beruht. Wird eine wesentliche Vertragspflicht leicht fahrl\u00e4ssig verletzt, ist die Haftung von KAS und\/oder dem Vermieter auf den vorhersehbaren vertragstypischen Schaden begrenzt. Eine wesentliche Vertragspflicht ist bei Verpflichtungen gegeben, deren Erf\u00fcllung die ordnungsgem\u00e4\u00dfe Durchf\u00fchrung des Vertrages erst m\u00f6glich macht oder auf deren Einhaltung der Mieter vertraut und vertrauen durfte. Eine dar\u00fcber hinausgehende Haftung von KAS und\/oder dem Vermieter auf Schadensersatz ist ausgeschlossen. Die Haftung wegen schuldhafter Verletzung von Leben, K\u00f6rper oder Gesundheit nach den gesetzlichen Bestimmungen bleibt unber\u00fchrt. Die verschuldensunabh\u00e4ngige Garantiehaftung des Vermieters f\u00fcr anf\u00e4ngliche M\u00e4ngel nach \u00a7 536a Abs. 1 Alternative 1 BGB, ist ausgeschlossen, es sei denn, es handelt sich um eine Verletzung von Leben, K\u00f6rper oder Gesundheit.\u00a0<\/p><p><strong>6.\u00a0Die Angaben zu den Gesamtnutzfl\u00e4chen<\/strong> entsprechen den realen Nutzfl\u00e4chen eines jeden Raumes, gemessen entlang der Fu\u00dfleisten einschlie\u00dflich der Treppen, sog. \u201eSylter Ma\u00df\u201c. Die Fl\u00e4chenangaben sind nicht, wie bei der Berechnung nach DIN \/ Wohnfl\u00e4chenberechnungsverordnung, durch Dachschr\u00e4gen und dergleichen gemindert, sondern erfassen die gesamte, tats\u00e4chlich vorhandene Fu\u00dfbodenfl\u00e4che. Soweit vorhanden, werden die Fl\u00e4chen der Balkone \/ Loggien, Terrassen \/ Freisitze und Garagen mit 1\/1 in Anrechnung gebracht. Die Ma\u00dfe zur Berechnung der Fl\u00e4chen sind der Bauantragszeichnung im Ma\u00dfstab 1:100 entnommen. Geringe Abweichungen, die sich durch die Bauausf\u00fchrung ergeben, bleiben vorbehalten. Mehr- \/ Minderfl\u00e4chen von bis zu 2 % der genannten Nutzfl\u00e4chen werden weder zus\u00e4tzlich be- noch abgerechnet.<\/p><p><strong>7. G\u00e4stekarte\u00a0<\/strong>&#8211; KAS ist verpflichtet jeden Gast dem Tourismus-Service zu melden und die Kurabgabe einzuziehen. Wenn der Mieter die Daten f\u00fcr die G\u00e4stekarten\u00a0rechtzeitig an KAS \u00fcbermittelt\u00a0hat, erh\u00e4lt der Mieter die G\u00e4stekarten bei Anreise von KAS ausgeh\u00e4ndigt.<\/p><p><strong>8. Haustiere, Kinderbett und -stuhl, Mietw\u00e4sche und Internetnutzung<\/strong><\/p><ul><li>a)\u00a0Haustiere d\u00fcrfen sich nur nach ausdr\u00fccklicher schriftlicher Genehmigung durch KAS und gegen Aufpreis gem\u00e4\u00df Preisliste in den daf\u00fcr ausgewiesenen Feriendomizilen aufhalten.<\/li><li>b) Kinderreisebett sowie Kinderhochstuhl und Trenngitter f\u00fcr Treppen und T\u00fcren\u00a0werden &#8211; <strong>sofern verf\u00fcgbar <\/strong>&#8211; <strong>auf Anfrage<\/strong> kostenfrei zur Verf\u00fcgung gestellt.<\/li><li>c) Das Feriendomizil wird dem Mieter mit W\u00e4sche (Bettw\u00e4sche, 2 Handt\u00fccher, 2\u00a0Badelaken, 1 Duschvorleger und 1 Geschirrhandt\u00fccher) zur Verf\u00fcgung gestellt. Die Betten sind bezogen. Auf Bestellung liefert KAS dem Mieter Austauschw\u00e4sche oder zus\u00e4tzliche W\u00e4schepakete\u00a0gem\u00e4\u00df Preisliste.<\/li><li>d) Falls die Wohnung mit Internet |\u00a0WLAN bereitgestellt wird, \u00fcbernimmt der Vermieter und\u00a0KAS keinerlei Haftung f\u00fcr die Funktionsf\u00e4higkeit von Internet | WLAN oder aus der Nutzung herr\u00fchrender Sch\u00e4den, insbesondere Virenbefall. Jede missbr\u00e4uchliche Verwendung von Internet |\u00a0WLAN, insbesondere das Nutzen rechtswidriger Inhalte aus dem Internet, beispielsweise die rechtswidrige Nutzung urheberrechtliche gesch\u00fctzter Inhalte, ist untersagt. Von den aus einer missbr\u00e4uchlichen Nutzung folgenden Forderungen Dritter an den Vermieter oder KAS stellt der Mieter den Vermieter und KAS frei.<\/li><li>e) Zwischen der Darstellung\u00a0auf der Homepage\u00a0und der tats\u00e4chliche Einrichtung und Ausstattung\u00a0kann es zuweilen durch Renovierungen oder Ver\u00e4nderungen durch den Eigent\u00fcmer zu Abweichungen kommen.<\/li><\/ul><p><strong><br \/>9. Belegungsgrenze<\/strong>\u00a0&#8211; F\u00fcr jedes Feriendomizil gibt KAS eine maximale Anzahl an Personen als Belegungsgrenze vor. Die Grenze darf ohne schriftliche Genehmigung von KAS nicht \u00fcberschritten werden. Das Feriendomizil darf nicht an Dritte vermietet oder sonst wie entgeltlich oder unentgeltlich an Dritte \u00fcberlassen werden. F\u00fcr den Fall eines Versto\u00dfes gegen vorstehende Bestimmungen ist der Eigent\u00fcmer zur au\u00dferordentlichen fristlosen K\u00fcndigung des Mietvertrages berechtigt.<\/p><p><strong>10. An- und Abreise, Schl\u00fcssel\u00fcbergabe, Gep\u00e4ckzustellung und Pkw-Stellplatz<\/strong><\/p><p>a) Am Anreisetag steht dem Mieter das Feriendomizil ab ca. 16:00 Uhr zur Verf\u00fcgung. Am\u00a0letzten Tage der Mietzeit ist das Feriendomizil bis sp\u00e4testens 10:00 Uhr zu r\u00e4umen und die Schl\u00fcssel an KAS herauszugeben. F\u00fcr den Fall einer versp\u00e4teten R\u00e4umung und \/ oder Schl\u00fcssel\u00fcbergabe beh\u00e4lt der Eigent\u00fcmer sowie KAS sich jeweils vor, zus\u00e4tzlichen Tagesmieten sowie Schadensersatzanspr\u00fcche geltend zu machen. Das Feriendomizil ist in folgendem Zustand zu hinterlassen: &#8211; besenrein &#8211; M\u00fclleimer entleert &#8211; Geschirr abgesp\u00fclt &#8211; K\u00fchlschrank geleert &#8211; s\u00e4mtliche Fenster und T\u00fcren geschlossen. Soweit diese Vorgaben nicht eingehalten werden, ist KAS berechtigt den damit einhergehenden Aufwand dem Mieter in Rechnung zu stellen.<\/p><p>b) Die Schl\u00fcssel f\u00fcr das Feriendomizil erh\u00e4lt der Mieter <strong>&#8211; nach vollst\u00e4ndiger Zahlung der Miete &#8211;<\/strong> w\u00e4hrend der \u00d6ffnungszeiten im Standort in der Elisabethstra\u00dfe 15 in Westerland. Au\u00dferhalb der \u00d6ffnungszeiten steht f\u00fcr den Mieter an der Nordseite des Geb\u00e4udes K\u00f6nig ein Schl\u00fcsselsafe mit Codeeingabe f\u00fcr die Ausgabe und Annahme der Schl\u00fcssel bereit. Etwaige Fragen zur Schl\u00fcssel\u00fcbergabe sind w\u00e4hrend der Gesch\u00e4ftszeiten zu kl\u00e4ren. Bei Verlust der Schl\u00fcssel haftet der Mieter f\u00fcr die dadurch entstehenden Kosten.<\/p><p>c) Bei KAS angelieferte Gep\u00e4ckst\u00fccke werden auf Ihr Risiko zu\u00a0\u20ac\u00a010,00 Euro pro Strecke und Gep\u00e4ckst\u00fcck in das Feriendomizil zugestellt und auf Wunsch wieder abgeholt. Das Gewicht der einzelnen Gep\u00e4ckst\u00fccke ist begrenzt auf 20kg. KAS \u00fcbernimmt keine Haftung.<\/p><p>d) Soweit zum Feriendomizil ein Pkw-Stellplatz &#8211; insb. Tiefgaragenstellplatz mit Duplexfunktion &#8211; geh\u00f6rt, erfolgt die Nutzung durch den Mieter auf eigenes Risiko. <strong>Auf Anfrage<\/strong> stellt KAS dem Mieter Nutzungshinweise zur Verf\u00fcgung bzw. f\u00fchrt bei Anreise eine Nutzungseinweisung mit dem Mieter durch.<\/p><p>e) Das Laden eines E-Fahrzeugs ist ausschlie\u00dflich an den daf\u00fcr vorgesehenen Wallboxen und | oder Ladestationen gestattet. Das Laden am Hausstromkreis ist untersagt und unzul\u00e4ssig. Eine widerrechtliche Nutzung\u00a0kann eine\u00a0Schadensersatzforderung\u00a0zur Folge haben.<\/p><p><strong>11. R\u00fccktritt vom Vertrag<\/strong><\/p><p>a) Wird das Feriendomizil durch Feuer, Sturm oder ein \u00e4hnliches Ereignis zerst\u00f6rt oder derart\u00a0besch\u00e4digt, dass es nicht bewohnbar ist, ist der Vermieter berechtigt, dem Mieter entweder ein gleichwertiges Ersatzmietobjekt anzubieten oder vom Mietvertrag zur\u00fcckzutreten bzw. diesen fristlos zu k\u00fcndigen.<\/p><p>b) Von der Entrichtung der Miete wird der Mieter nicht dadurch befreit, dass der Mieter durch einen in Ihrer Person liegenden Grund z. B. Erkrankung, Verhinderung aus beruflichen oder famili\u00e4ren Gr\u00fcnden, das Feriendomizil nicht nutzen kann. Der Vermieter muss sich jedoch den Wert der ersparten Aufwendungen (regelm\u00e4\u00dfig 20 % der vereinbarten Miete) sowie Einnahmen aus einer anderweitigen Vermietung anrechnen lassen.\u00a0Der Mieter muss also gegebenenfalls 80 % der Miete zahlen, obwohl der Mieter das Feriendomizil nicht nutzt. Ferner hat der Mieter im Fall der Nichtnutzung des Feriendomizils eine Bearbeitungspauschale von\u00a0\u20ac\u00a038,00 an KAS zu entrichten. Wir empfehlen dem Mieter deshalb dringend den Abschluss einer Reiser\u00fccktrittsversicherung.<\/p><p>c.) Bei Buchungen \u00fcber die Buchungsplattform Booking.com und | oder\u00a0FeWo Direkt gelten, von dieser Regelung, abweichende Stornierungsbedingungen, die im Falle einer Stornierung Anwendung finden.<\/p><p><strong>12. Informationen zum Datenschutz<\/strong> &#8211;\u00a0Im Folgenden informieren wir Sie \u00fcber die Erhebung personenbezogener Daten bei Gesch\u00e4ftsabschl\u00fcssen. Personenbezogene Daten sind alle Daten, die auf Sie pers\u00f6nlich beziehbar sind, also z.\u2009B. Name, Adresse und E-Mail-Adressen. Verantwortlicher gem. Art. 4 Ziffer 7 DS-GVO ist K\u00f6nig Appartement | Sylt GmbH, Dr.-Ross-Stra\u00dfe 34, 25980 Sylt OT\u00a0Westerland, vertreten durch ihren Gesch\u00e4ftsf\u00fchrer, Herrn Ole K\u00f6nig. Namens- und Adressdaten werden von uns erhoben, gespeichert und ggf. weitergegeben, soweit es erforderlich ist, um die vertraglichen Leistungen zu erbringen. Die Erhebung, Speicherung und Weitergabe erfolgt mithin zum Zwecke der Erf\u00fcllung des Vertrages auf Grund der Rechtsgrundlage des Art. 6 Abs. 1 S. 1 lit. b DS-GVO.<br \/>Sie haben das Recht, von uns jederzeit Auskunft zu verlangen \u00fcber die zu Ihnen bei uns gespeicherten personenbezogenen Daten (Art. 15 DS-GVO). Dies betrifft auch die Empf\u00e4nger oder Kategorien von Empf\u00e4ngern, an die ihre Daten weitergegeben werden und den Zweck der Speicherung. Zudem haben Sie das Recht, unter den Voraussetzungen des Art. 16 DS-GVO die Berichtigung und\/oder unter den Voraussetzungen des Art. 17 DS-GVO die L\u00f6schung und\/oder unter den Voraussetzungen des Art. 18 DS-GVO die Einschr\u00e4nkung der Verarbeitung zu verlangen. Ferner k\u00f6nnen Sie unter den Voraussetzungen des Art. 20 DS-GVO jederzeit eine Daten\u00fcbertragung verlangen. Personenbezogene Daten werden nur solange gespeichert, als dies zur jeweiligen Zweckerreichung, dies entspricht in der Regel der Vertragsdauer, erforderlich ist.<br \/>Im Fall einer Verarbeitung personenbezogener Daten zur Wahrnehmung von im \u00f6ffentlichen Interesse liegenden Aufgaben (Art. 6 Abs. 1 S. 1 lit. e DS-GVO) oder zur Wahrnehmung berechtigter Interessen (Art. 6 Abs. 1 S. 1 lit. f DS-GVO), k\u00f6nnen Sie der Verarbeitung der Sie betreffenden personenbezogenen Daten jederzeit mit Wirkung f\u00fcr die Zukunft widersprechen. Im Fall des Widerspruchs haben wir jede weitere Verarbeitung ihrer Daten zu den vorgenannten Zwecken zu unterlassen, es sei denn,<\/p><p>es liegen zwingende, schutzw\u00fcrdige Gr\u00fcnde f\u00fcr eine Verarbeitung vor, die Ihre Interessen, Rechte und Freiheiten \u00fcberwiegen, oder<\/p><p>die Verarbeitung ist zur Geltendmachung, Aus\u00fcbung oder Verteidigung von Rechtsanspr\u00fcchen erforderlich.<\/p><p>Einer Verwendung Ihrer Daten zum Zwecke der Direktwerbung k\u00f6nnen Sie jederzeit mit Wirkung f\u00fcr die Zukunft widersprechen; dies gilt auch f\u00fcr ein Profiling, soweit es mit der Direktwerbung in Verbindung steht. Im Fall des Widerspruchs haben wir jede weitere Verarbeitung Ihrer Daten zum Zwecke der Direktwerbung zu unterlassen.<br \/>Alle Informationsw\u00fcnsche, Auskunftsanfragen oder Widerspr\u00fcche zur Datenverarbeitung richten Sie bitte per E-Mail an datenschutz@koenig-sylt.de. F\u00fcr n\u00e4here Informationen verweisen wir auf den vollst\u00e4ndigen Text der DS-GVO, welcher im Internet unter\u00a0<a href=\"https:\/\/dejure.org\/gesetze\/DSGVO\">https:\/\/dejure.org\/gesetze\/DSGVO\u00a0<\/a>verf\u00fcgbar ist und unsere Datenschutzerkl\u00e4rung, welche im Internet unter\u00a0<a href=\"https:\/\/www.koenig-sylt.de\/urlaub\/datenschutz\/\">http:\/\/www.koenig-sylt.de\/urlaub\/datenschutz <\/a>einsehbar ist. Ferner haben Sie die M\u00f6glichkeit, sich bei der f\u00fcr Sie zust\u00e4ndigen Aufsichtsbeh\u00f6rde \u00fcber datenschutzrechtliche Sachverhalte zu beschweren.<\/p><p><strong>13. Sonstiges<\/strong>\u00a0&#8211; Nebenabreden, \u00c4nderungen oder Erg\u00e4nzungen des Mietvertrages einschlie\u00dflich dieser Bedingungen sollen aus Beweisgr\u00fcnden schriftlich erfolgen. Sollten eine oder mehrere Bestimmungen dieses Vertrages unwirksam sein oder werden, soll der Vertrag im \u00dcbrigen wirksam bleiben. An die Stelle der unwirksamen Bestimmungen treten die gesetzlichen Regelungen.\u00a0<\/p><p>Diese Allgemeinen Gesch\u00e4ftsbedingungen (AGB) sind Bestandteil des Mietvertrags Reservierung:Nummer. Stand: 26.06.25<\/p>\t\t\t\t\t\t\t\t<\/div>\n\t\t\t\t<\/div>\n\t\t\t\t\t<\/div>\n\t\t\t\t<\/div>\n\t\t\t\t<\/div>\n\t\t","protected":false},"excerpt":{"rendered":"<p>AGB Allgemeine Gesch\u00e4ftsbedingungen (AGB) f\u00fcr die Anmietung von Feriendomizilen 1. Vertragsparteien\u00a0&#8211; K\u00f6nig Appartement Sylt &#8211; nachfolgend &#8222;KAS&#8220; genannt &#8211; tritt als Vermittler zwischen den jeweiligen Eigent\u00fcmer der Feriendomizile |\u00a0Mietobjekte &#8211; nachfolgend einheitlich &#8222;Feriendomizil&#8220; genannt &#8211; und dem Mieter auf und schlie\u00dft den Mietvertrag im Namen und f\u00fcr Rechnung des jeweiligen Eigent\u00fcmers ab. KAS ist bevollm\u00e4chtigt [&hellip;]<\/p>\n","protected":false},"author":1,"featured_media":0,"parent":0,"menu_order":0,"comment_status":"closed","ping_status":"closed","template":"","meta":{"_acf_changed":false,"footnotes":""},"seitenart":[],"class_list":["post-3721","page","type-page","status-publish","hentry"],"acf":[],"yoast_head":"<!-- This site is optimized with the Yoast SEO plugin v26.5 - https:\/\/yoast.com\/wordpress\/plugins\/seo\/ -->\n<title>AGB - K\u00f6nig Appartement Sylt<\/title>\n<meta name=\"robots\" content=\"index, follow, max-snippet:-1, max-image-preview:large, max-video-preview:-1\" \/>\n<link rel=\"canonical\" href=\"https:\/\/www.koenig-sylt.de\/urlaub\/agb\/\" \/>\n<meta property=\"og:locale\" content=\"de_DE\" \/>\n<meta property=\"og:type\" content=\"article\" \/>\n<meta property=\"og:title\" content=\"AGB - K\u00f6nig Appartement Sylt\" \/>\n<meta property=\"og:description\" content=\"AGB Allgemeine Gesch\u00e4ftsbedingungen (AGB) f\u00fcr die Anmietung von Feriendomizilen 1. Vertragsparteien\u00a0&#8211; K\u00f6nig Appartement Sylt &#8211; nachfolgend &#8222;KAS&#8220; genannt &#8211; tritt als Vermittler zwischen den jeweiligen Eigent\u00fcmer der Feriendomizile |\u00a0Mietobjekte &#8211; nachfolgend einheitlich &#8222;Feriendomizil&#8220; genannt &#8211; und dem Mieter auf und schlie\u00dft den Mietvertrag im Namen und f\u00fcr Rechnung des jeweiligen Eigent\u00fcmers ab. KAS ist bevollm\u00e4chtigt [&hellip;]\" \/>\n<meta property=\"og:url\" content=\"https:\/\/www.koenig-sylt.de\/urlaub\/agb\/\" \/>\n<meta property=\"og:site_name\" content=\"K\u00f6nig Appartement Sylt\" \/>\n<meta property=\"article:modified_time\" content=\"2025-07-01T13:48:19+00:00\" \/>\n<meta name=\"twitter:card\" content=\"summary_large_image\" \/>\n<meta name=\"twitter:label1\" content=\"Gesch\u00e4tzte Lesezeit\" \/>\n\t<meta name=\"twitter:data1\" content=\"10\u00a0Minuten\" \/>\n<script type=\"application\/ld+json\" class=\"yoast-schema-graph\">{\"@context\":\"https:\/\/schema.org\",\"@graph\":[{\"@type\":\"WebPage\",\"@id\":\"https:\/\/www.koenig-sylt.de\/urlaub\/agb\/\",\"url\":\"https:\/\/www.koenig-sylt.de\/urlaub\/agb\/\",\"name\":\"AGB - K\u00f6nig Appartement Sylt\",\"isPartOf\":{\"@id\":\"https:\/\/www.koenig-sylt.de\/urlaub\/#website\"},\"datePublished\":\"2024-09-26T09:18:10+00:00\",\"dateModified\":\"2025-07-01T13:48:19+00:00\",\"breadcrumb\":{\"@id\":\"https:\/\/www.koenig-sylt.de\/urlaub\/agb\/#breadcrumb\"},\"inLanguage\":\"de\",\"potentialAction\":[{\"@type\":\"ReadAction\",\"target\":[\"https:\/\/www.koenig-sylt.de\/urlaub\/agb\/\"]}]},{\"@type\":\"BreadcrumbList\",\"@id\":\"https:\/\/www.koenig-sylt.de\/urlaub\/agb\/#breadcrumb\",\"itemListElement\":[{\"@type\":\"ListItem\",\"position\":1,\"name\":\"Startseite\",\"item\":\"https:\/\/www.koenig-sylt.de\/urlaub\/\"},{\"@type\":\"ListItem\",\"position\":2,\"name\":\"AGB\"}]},{\"@type\":\"WebSite\",\"@id\":\"https:\/\/www.koenig-sylt.de\/urlaub\/#website\",\"url\":\"https:\/\/www.koenig-sylt.de\/urlaub\/\",\"name\":\"K\u00f6nig Appartement Sylt\",\"description\":\"\",\"publisher\":{\"@id\":\"https:\/\/www.koenig-sylt.de\/urlaub\/#organization\"},\"potentialAction\":[{\"@type\":\"SearchAction\",\"target\":{\"@type\":\"EntryPoint\",\"urlTemplate\":\"https:\/\/www.koenig-sylt.de\/urlaub\/?s={search_term_string}\"},\"query-input\":{\"@type\":\"PropertyValueSpecification\",\"valueRequired\":true,\"valueName\":\"search_term_string\"}}],\"inLanguage\":\"de\"},{\"@type\":\"Organization\",\"@id\":\"https:\/\/www.koenig-sylt.de\/urlaub\/#organization\",\"name\":\"K\u00f6nig Appartement Sylt\",\"url\":\"https:\/\/www.koenig-sylt.de\/urlaub\/\",\"logo\":{\"@type\":\"ImageObject\",\"inLanguage\":\"de\",\"@id\":\"https:\/\/www.koenig-sylt.de\/urlaub\/#\/schema\/logo\/image\/\",\"url\":\"https:\/\/www.koenig-sylt.de\/urlaub\/wp-content\/uploads\/2024\/09\/KOE_Appartement_Logo_quer_RGB.svg\",\"contentUrl\":\"https:\/\/www.koenig-sylt.de\/urlaub\/wp-content\/uploads\/2024\/09\/KOE_Appartement_Logo_quer_RGB.svg\",\"caption\":\"K\u00f6nig Appartement Sylt\"},\"image\":{\"@id\":\"https:\/\/www.koenig-sylt.de\/urlaub\/#\/schema\/logo\/image\/\"}}]}<\/script>\n<!-- \/ Yoast SEO plugin. -->","yoast_head_json":{"title":"AGB - K\u00f6nig Appartement Sylt","robots":{"index":"index","follow":"follow","max-snippet":"max-snippet:-1","max-image-preview":"max-image-preview:large","max-video-preview":"max-video-preview:-1"},"canonical":"https:\/\/www.koenig-sylt.de\/urlaub\/agb\/","og_locale":"de_DE","og_type":"article","og_title":"AGB - K\u00f6nig Appartement Sylt","og_description":"AGB Allgemeine Gesch\u00e4ftsbedingungen (AGB) f\u00fcr die Anmietung von Feriendomizilen 1. Vertragsparteien\u00a0&#8211; K\u00f6nig Appartement Sylt &#8211; nachfolgend &#8222;KAS&#8220; genannt &#8211; tritt als Vermittler zwischen den jeweiligen Eigent\u00fcmer der Feriendomizile |\u00a0Mietobjekte &#8211; nachfolgend einheitlich &#8222;Feriendomizil&#8220; genannt &#8211; und dem Mieter auf und schlie\u00dft den Mietvertrag im Namen und f\u00fcr Rechnung des jeweiligen Eigent\u00fcmers ab. KAS ist bevollm\u00e4chtigt [&hellip;]","og_url":"https:\/\/www.koenig-sylt.de\/urlaub\/agb\/","og_site_name":"K\u00f6nig Appartement Sylt","article_modified_time":"2025-07-01T13:48:19+00:00","twitter_card":"summary_large_image","twitter_misc":{"Gesch\u00e4tzte Lesezeit":"10\u00a0Minuten"},"schema":{"@context":"https:\/\/schema.org","@graph":[{"@type":"WebPage","@id":"https:\/\/www.koenig-sylt.de\/urlaub\/agb\/","url":"https:\/\/www.koenig-sylt.de\/urlaub\/agb\/","name":"AGB - K\u00f6nig Appartement Sylt","isPartOf":{"@id":"https:\/\/www.koenig-sylt.de\/urlaub\/#website"},"datePublished":"2024-09-26T09:18:10+00:00","dateModified":"2025-07-01T13:48:19+00:00","breadcrumb":{"@id":"https:\/\/www.koenig-sylt.de\/urlaub\/agb\/#breadcrumb"},"inLanguage":"de","potentialAction":[{"@type":"ReadAction","target":["https:\/\/www.koenig-sylt.de\/urlaub\/agb\/"]}]},{"@type":"BreadcrumbList","@id":"https:\/\/www.koenig-sylt.de\/urlaub\/agb\/#breadcrumb","itemListElement":[{"@type":"ListItem","position":1,"name":"Startseite","item":"https:\/\/www.koenig-sylt.de\/urlaub\/"},{"@type":"ListItem","position":2,"name":"AGB"}]},{"@type":"WebSite","@id":"https:\/\/www.koenig-sylt.de\/urlaub\/#website","url":"https:\/\/www.koenig-sylt.de\/urlaub\/","name":"K\u00f6nig Appartement Sylt","description":"","publisher":{"@id":"https:\/\/www.koenig-sylt.de\/urlaub\/#organization"},"potentialAction":[{"@type":"SearchAction","target":{"@type":"EntryPoint","urlTemplate":"https:\/\/www.koenig-sylt.de\/urlaub\/?s={search_term_string}"},"query-input":{"@type":"PropertyValueSpecification","valueRequired":true,"valueName":"search_term_string"}}],"inLanguage":"de"},{"@type":"Organization","@id":"https:\/\/www.koenig-sylt.de\/urlaub\/#organization","name":"K\u00f6nig Appartement Sylt","url":"https:\/\/www.koenig-sylt.de\/urlaub\/","logo":{"@type":"ImageObject","inLanguage":"de","@id":"https:\/\/www.koenig-sylt.de\/urlaub\/#\/schema\/logo\/image\/","url":"https:\/\/www.koenig-sylt.de\/urlaub\/wp-content\/uploads\/2024\/09\/KOE_Appartement_Logo_quer_RGB.svg","contentUrl":"https:\/\/www.koenig-sylt.de\/urlaub\/wp-content\/uploads\/2024\/09\/KOE_Appartement_Logo_quer_RGB.svg","caption":"K\u00f6nig Appartement Sylt"},"image":{"@id":"https:\/\/www.koenig-sylt.de\/urlaub\/#\/schema\/logo\/image\/"}}]}},"_links":{"self":[{"href":"https:\/\/www.koenig-sylt.de\/urlaub\/wp-json\/wp\/v2\/pages\/3721","targetHints":{"allow":["GET"]}}],"collection":[{"href":"https:\/\/www.koenig-sylt.de\/urlaub\/wp-json\/wp\/v2\/pages"}],"about":[{"href":"https:\/\/www.koenig-sylt.de\/urlaub\/wp-json\/wp\/v2\/types\/page"}],"author":[{"embeddable":true,"href":"https:\/\/www.koenig-sylt.de\/urlaub\/wp-json\/wp\/v2\/users\/1"}],"replies":[{"embeddable":true,"href":"https:\/\/www.koenig-sylt.de\/urlaub\/wp-json\/wp\/v2\/comments?post=3721"}],"version-history":[{"count":13,"href":"https:\/\/www.koenig-sylt.de\/urlaub\/wp-json\/wp\/v2\/pages\/3721\/revisions"}],"predecessor-version":[{"id":20588,"href":"https:\/\/www.koenig-sylt.de\/urlaub\/wp-json\/wp\/v2\/pages\/3721\/revisions\/20588"}],"wp:attachment":[{"href":"https:\/\/www.koenig-sylt.de\/urlaub\/wp-json\/wp\/v2\/media?parent=3721"}],"wp:term":[{"taxonomy":"seitenart","embeddable":true,"href":"https:\/\/www.koenig-sylt.de\/urlaub\/wp-json\/wp\/v2\/seitenart?post=3721"}],"curies":[{"name":"wp","href":"https:\/\/api.w.org\/{rel}","templated":true}]}}